{"id":3494,"date":"2025-04-15T19:04:22","date_gmt":"2025-04-15T17:04:22","guid":{"rendered":"https:\/\/alcalaten.es\/?page_id=3494"},"modified":"2025-08-05T12:52:05","modified_gmt":"2025-08-05T10:52:05","slug":"inici2","status":"publish","type":"page","link":"https:\/\/alcalaten.es\/index.php\/inici2\/","title":{"rendered":"Inici2"},"content":{"rendered":"\t\t<div data-elementor-type=\"wp-page\" data-elementor-id=\"3494\" class=\"elementor elementor-3494\">\n\t\t\t\t<div class=\"elementor-element elementor-element-9e1a3b7 e-flex e-con-boxed e-con e-parent\" data-id=\"9e1a3b7\" data-element_type=\"container\" data-e-type=\"container\" data-settings=\"{&quot;background_background&quot;:&quot;classic&quot;}\">\n\t\t\t\t\t<div class=\"e-con-inner\">\n\t\t<div class=\"elementor-element elementor-element-8f73ee5 e-flex e-con-boxed e-con e-child\" data-id=\"8f73ee5\" data-element_type=\"container\" data-e-type=\"container\">\n\t\t\t\t\t<div class=\"e-con-inner\">\n\t\t\t\t<div class=\"elementor-element elementor-element-4a02dab elementor-widget elementor-widget-heading\" data-id=\"4a02dab\" data-element_type=\"widget\" data-e-type=\"widget\" data-widget_type=\"heading.default\">\n\t\t\t\t<div class=\"elementor-widget-container\">\n\t\t\t\t\t<h1 class=\"elementor-heading-title elementor-size-default\">Descobreix<\/h1>\t\t\t\t<\/div>\n\t\t\t\t<\/div>\n\t\t\t\t<div class=\"elementor-element elementor-element-93873aa elementor-widget elementor-widget-heading\" data-id=\"93873aa\" data-element_type=\"widget\" data-e-type=\"widget\" data-widget_type=\"heading.default\">\n\t\t\t\t<div class=\"elementor-widget-container\">\n\t\t\t\t\t<h1 class=\"elementor-heading-title elementor-size-default\">L' Alcalat\u00e9n<\/h1>\t\t\t\t<\/div>\n\t\t\t\t<\/div>\n\t\t\t\t<div class=\"elementor-element elementor-element-e46045d elementor-widget elementor-widget-text-editor\" data-id=\"e46045d\" data-element_type=\"widget\" data-e-type=\"widget\" data-widget_type=\"text-editor.default\">\n\t\t\t\t<div class=\"elementor-widget-container\">\n\t\t\t\t\t\t\t\t\t<p>Una comarca plena de grans llocs per descobrir<\/p>\t\t\t\t\t\t\t\t<\/div>\n\t\t\t\t<\/div>\n\t\t\t\t\t<\/div>\n\t\t\t\t<\/div>\n\t\t\t\t\t<\/div>\n\t\t\t\t<\/div>\n\t\t<div class=\"elementor-element elementor-element-b1f08aa e-flex e-con-boxed e-con e-parent\" data-id=\"b1f08aa\" data-element_type=\"container\" data-e-type=\"container\" data-settings=\"{&quot;background_background&quot;:&quot;classic&quot;}\">\n\t\t\t\t\t<div class=\"e-con-inner\">\n\t\t\t\t<div class=\"elementor-element elementor-element-e8eeb5a elementor-widget__width-initial elementor-widget elementor-widget-image\" data-id=\"e8eeb5a\" data-element_type=\"widget\" data-e-type=\"widget\" data-widget_type=\"image.default\">\n\t\t\t\t<div class=\"elementor-widget-container\">\n\t\t\t\t\t\t\t\t\t\t\t\t\t\t\t<img decoding=\"async\" src=\"https:\/\/alcalaten.es\/wp-content\/uploads\/elementor\/thumbs\/XXIV_Mostra_cultural_alcalaten-r5izv4h2vyycwu7broasl6dp2p1uymgj1kxqpcsboc.jpg\" title=\"XXIV_Mostra_cultural_alcalaten\" alt=\"XXIV_Mostra_cultural_alcalaten\" loading=\"lazy\" \/>\t\t\t\t\t\t\t\t\t\t\t\t\t\t\t<\/div>\n\t\t\t\t<\/div>\n\t\t<div class=\"elementor-element elementor-element-cbcdef9 e-con-full e-flex e-con e-child\" data-id=\"cbcdef9\" data-element_type=\"container\" data-e-type=\"container\">\n\t\t\t\t<div class=\"elementor-element elementor-element-d3f9c45 elementor-widget__width-initial elementor-widget elementor-widget-heading\" data-id=\"d3f9c45\" data-element_type=\"widget\" data-e-type=\"widget\" data-widget_type=\"heading.default\">\n\t\t\t\t<div class=\"elementor-widget-container\">\n\t\t\t\t\t<h4 class=\"elementor-heading-title elementor-size-default\">Mostra Cultural<\/h4>\t\t\t\t<\/div>\n\t\t\t\t<\/div>\n\t\t\t\t<div class=\"elementor-element elementor-element-0650849 elementor-widget__width-initial elementor-widget-tablet__width-initial elementor-widget elementor-widget-text-editor\" data-id=\"0650849\" data-element_type=\"widget\" data-e-type=\"widget\" data-widget_type=\"text-editor.default\">\n\t\t\t\t<div class=\"elementor-widget-container\">\n\t\t\t\t\t\t\t\t\t<p style=\"text-align: right;\"><span style=\"color: #000000;\">La XXV edici\u00f3 de la Mostra Cultural de l&#8217;Alcalat\u00e9n es celebrara a Costur el\u00a0 de Juny de 2026<\/span><\/p><p style=\"text-align: right;\"><span style=\"color: #000000;\">.<\/span><\/p><p style=\"text-align: left;\"><span style=\"color: #000000;\">El lema de la mostra es \u201c\u00a0<\/span> \u00a0\u201d.\u00a0<\/p><p>El cartell es obra de\u00a0<\/p>\t\t\t\t\t\t\t\t<\/div>\n\t\t\t\t<\/div>\n\t\t\t\t<\/div>\n\t\t\t\t\t<\/div>\n\t\t\t\t<\/div>\n\t\t<div class=\"elementor-element elementor-element-39d4bba e-flex e-con-boxed e-con e-parent\" data-id=\"39d4bba\" data-element_type=\"container\" data-e-type=\"container\" data-settings=\"{&quot;background_background&quot;:&quot;gradient&quot;}\">\n\t\t\t\t\t<div class=\"e-con-inner\">\n\t\t<div class=\"elementor-element elementor-element-c7288db e-con-full e-flex e-con e-child\" data-id=\"c7288db\" data-element_type=\"container\" data-e-type=\"container\" data-settings=\"{&quot;background_background&quot;:&quot;classic&quot;}\">\n\t\t\t\t<div class=\"elementor-element elementor-element-1a01654 elementor-widget elementor-widget-heading\" data-id=\"1a01654\" data-element_type=\"widget\" data-e-type=\"widget\" data-widget_type=\"heading.default\">\n\t\t\t\t<div class=\"elementor-widget-container\">\n\t\t\t\t\t<h2 class=\"elementor-heading-title elementor-size-default\"><style><\/style><div class=\"wplp_outside wplp_widget_3193\" style=\"max-width:100%;\"><span class=\"wpcu_block_title\">Not\u00edcies de la Comarca<\/span><div id=\"wplp_widget_3193\" class=\"wplp_widget_default wplp_container vertical swiper wplp-swiper default cols3\" data-theme=\"default\" data-post=\"3193\" style=\"\" data-max-elts=\"8\" data-per-page=\"10\"><div class=\"wplp_listposts swiper-wrapper\" id=\"default_3193\" style=\"width: 100%;\" ><div class=\"swiper-slide\" style=\"\"><div class=\"insideframe\"><div id=\"wplp_box_top_3193_3728\" class=\"wpcu-front-box top equalHeightImg\" ><div class=\"wplp-box-item\"><a href=\"https:\/\/alcalaten.es\/index.php\/2026\/02\/04\/concurs-fotografia-pedra-en-sec\/\"  class=\"thumbnail\"><span class=\"img_cropper\" style=\"margin-right:4px;margin-bottom:4px;max-width:100%;\"><img decoding=\"async\" src=\"https:\/\/alcalaten.es\/wp-content\/uploads\/elementor\/thumbs\/IMG-20260204-WA0002-ring4q8bqczlral6w0s0thcqd3uvudqqfnj50yz6ga.jpg\" style=\"aspect-ratio:4\/3;\" srcset=\"\" alt=\"CONCURS DE FOTOGRAFIA PEDRA EN SEC\" class=\"swiper-lazy wplp_thumb\" \/><div class=\"swiper-lazy-preloader\"><\/div><\/span><\/a><a href=\"https:\/\/alcalaten.es\/index.php\/2026\/02\/04\/concurs-fotografia-pedra-en-sec\/\"  class=\"title\">CONCURS DE FOTOGRAFIA PEDRA EN SEC<\/a><\/div><\/div><div id=\"wplp_box_left_3193_3728\" class=\"wpcu-front-box left wpcu-custom-position\" ><div class=\"wplp-box-item\"><\/div><\/div><div id=\"wplp_box_right_3193_3728\" class=\"wpcu-front-box right wpcu-custom-position\" ><div class=\"wplp-box-item\"><\/div><\/div><div id=\"wplp_box_bottom_3193_3728\" class=\"wpcu-front-box bottom \" ><div class=\"wplp-box-item\"><span class=\"text\"><span style=\"max-height:2.8em\" class=\"line_limit\">CONCURS DE FOTOGRAFIA \u201cPEDRA EN SEC\u201d\nXXV MOSTRA CULTURAL DE L\u2019ALCALAT\u00c9N: PEDRA EN SEC, CULTURA I\nPATRIMONI DEL TERRITORI\nL\u2019Associaci\u00f3 Cultural la Fontanella de Costur organitza aquest Concurs de Fotografia, amb el tema \u201cPEDRA EN SEC\u201d.\nLes fotografies es podran fer durant els mesos previs a la Mostra Cultural de l\u2019Alcalat\u00e9n en qualsevol indret de la comarca de l&#8217;Alcalat\u00e9n.\n\u00a0\nBASES:\n1. El tema de les fotografies ha d\u2019estar relacionat amb la \u201cPedra en sec\u201d en la comarca de\u00a0l&#8217;Alcalat\u00e9n.2. Cada autor\/a pot presentar un m\u00e0xim de tres fotografies, en blanc i negre o a color, amb\u00a0t\u00e8cnica lliure.3. Les obres s\u2019han de presentar en format JPG, mantenint la qualitat original del dispositiu.Cal enviar-les per correu electr\u00f2nic a aclafontanelladecostur@gmail.com, adjuntant-hi\u00a0l\u2019arxiu o, si escau, un enlla\u00e7 a una plataforma en l\u00ednia per a l\u2019enviament de fitxers de\u00a0gran mida (com ara WeTransfer).4. En l&#8217;assumpte del correu electr\u00f2nic cal indicar el seg\u00fcent missatge: XXV Mostra Cultural\u00a0de l\u2019Alcalat\u00e9n \u2013 Concurs de Fotografia \u201cPedra en Sec\u201d.5. El correu ha d\u2019incloure l\u2019arxiu de la fotografia presentada (o l\u2019enlla\u00e7 a la plataforma de\u00a0desc\u00e0rrega) i un arxiu PDF amb les seg\u00fcents dades:\u00a0 \u00a0 \u00a0\u25cf Nom i cognoms de l\u2019autor\/a\u00a0 \u00a0 \u00a0\u25cf Tel\u00e8fon de l\u2019autor\/a\u00a0 \u00a0 \u00a0\u25cf Correu electr\u00f2nic de l\u2019autor\/a\u00a0 \u00a0 \u00a0\u25cf T\u00edtol de l\u2019obra\u00a0 \u00a0 \u00a0\u25cf Lloc i data de l\u2019obra6. El termini d\u2019admissi\u00f3 de les obres finalitzar\u00e0 el 10 de maig de 2026 a les 23:59 hores.7. La recepci\u00f3 de les fotografies i la preparaci\u00f3 de la documentaci\u00f3 sense cap dada\u00a0identificativa de l\u2019autoria es realitzar\u00e0 mitjan\u00e7ant un procediment que garantir\u00e0 que el\u00a0jurat puga efectuar la seua valoraci\u00f3 de manera imparcial i sense con\u00e9ixer en cap\u00a0moment la identitat de les persones autores.8 El jurat ser\u00e0 elegit per la junta directiva de l\u2019Associaci\u00f3 Cultural La Fontanella i es far\u00e0\u00a0p\u00fablic en les xarxes socials de l\u2019Associaci\u00f3 Cultural (Instagram i Facebook) abans del mes\u00a0de maig.\n9. El jurat far\u00e0 una primera selecci\u00f3 de les obres presentades. La decisi\u00f3 del jurat ser\u00e0\u00a0inapel\u00b7lable.\n10. El jurat atorgar\u00e0 dos premis:\n\u00a0 \u00a0 \u00a0\u25cf Primer premi: un val per un sopar per a dos persones per un valor de 80 \u20ac.\n\u00a0 \u00a0 \u00a0\u25cf Segon premi: una cistella de productes de la comarca per un valor de 50 \u20ac.\n11. El veredicte del jurat es far\u00e0 p\u00fablic el 24 de maig en les xarxes socials de l\u2019Associaci\u00f3\u00a0Cultural La Fontanella i la Coordinadora de l&#8217;Alcalat\u00e9n (Instagram i Facebook).\n12. Totes les persones participants rebran un correu electr\u00f2nic indicant si alguna de les seues\u00a0obres ha estat seleccionada per a l&#8217;exposici\u00f3 de la mostra cultural.\n13. En Costur, i amb motiu de la XXV Mostra Cultural de l&#8217;Alcalat\u00e9n, s&#8217;organitzar\u00e0 una\u00a0exposici\u00f3 amb les obres seleccionades.\n14. Els premis s\u2019entregaran el dia 6 de juny en l&#8217;exposici\u00f3 dels finalistes (hora per determinar\u00a0segons programaci\u00f3) durant la celebraci\u00f3 de la Mostra Cultural de l\u2019Alcalat\u00e9n.\n15. Les fotografies premiades i c\u00f2pies digitals de totes les fotos quedaran en poder de\u00a0l\u2019organitzaci\u00f3, la qual es reserva el dret de publicar-les esmentant l\u2019autoria d\u2019aquestes.\n16. La participaci\u00f3 en aquest concurs implica l\u2019acceptaci\u00f3 de totes i cadascuna de les bases\u00a0anteriors.<\/span><span style=\"margin-left:3px; max-height:2.8em\" class=\"line_limit\"> [...]<\/span><\/span><span class=\"custom_fields\">\n<!-- WPLP Unknown field: Custom_Fields -->\n<\/span><\/div><\/div><\/div><\/div><div class=\"swiper-slide\" style=\"\"><div class=\"insideframe\"><div id=\"wplp_box_top_3193_3604\" class=\"wpcu-front-box top equalHeightImg\" ><div class=\"wplp-box-item\"><a href=\"https:\/\/alcalaten.es\/index.php\/2025\/05\/27\/menjars-del-dia-de-la-mostra\/\"  class=\"thumbnail\"><span class=\"img_cropper\" style=\"margin-right:4px;margin-bottom:4px;max-width:100%;\"><img decoding=\"async\" src=\"https:\/\/alcalaten.es\/wp-content\/uploads\/elementor\/thumbs\/menu-dinar-r6fz1r5skpwyzaqfvrx63zcaxbfou0rvhuem4355vk.jpg\" style=\"aspect-ratio:4\/3;\" srcset=\"\" alt=\"Menjars del d\u00eda de la Mostra\" class=\"swiper-lazy wplp_thumb\" \/><div class=\"swiper-lazy-preloader\"><\/div><\/span><\/a><a href=\"https:\/\/alcalaten.es\/index.php\/2025\/05\/27\/menjars-del-dia-de-la-mostra\/\"  class=\"title\">Menjars del d\u00eda de la Mostra<\/a><\/div><\/div><div id=\"wplp_box_left_3193_3604\" class=\"wpcu-front-box left wpcu-custom-position\" ><div class=\"wplp-box-item\"><\/div><\/div><div id=\"wplp_box_right_3193_3604\" class=\"wpcu-front-box right wpcu-custom-position\" ><div class=\"wplp-box-item\"><\/div><\/div><div id=\"wplp_box_bottom_3193_3604\" class=\"wpcu-front-box bottom \" ><div class=\"wplp-box-item\"><span class=\"text\"><span style=\"max-height:2.8em\" class=\"line_limit\">Aquest es el men\u00fa que tenim aquest any per dinar.\n\u00a0\nEls tiquets es podran adquirir en\u00a0la papeleria de Salvador<\/span><span style=\"margin-left:3px; max-height:2.8em\" class=\"line_limit\"> [...]<\/span><\/span><span class=\"custom_fields\">\n<!-- WPLP Unknown field: Custom_Fields -->\n<\/span><\/div><\/div><\/div><\/div><div class=\"swiper-slide\" style=\"\"><div class=\"insideframe\"><div id=\"wplp_box_top_3193_3592\" class=\"wpcu-front-box top equalHeightImg\" ><div class=\"wplp-box-item\"><a href=\"https:\/\/alcalaten.es\/index.php\/2025\/05\/25\/ii-fira-del-llibre-de-lalcalaten\/\"  class=\"thumbnail\"><span class=\"img_cropper\" style=\"margin-right:4px;margin-bottom:4px;max-width:100%;\"><img decoding=\"async\" src=\"https:\/\/alcalaten.es\/wp-content\/uploads\/elementor\/thumbs\/1748181301248-r6c11lbgrhrlvvrynl8b8mhf4d2zpstkwh5kfniuww.jpg\" style=\"aspect-ratio:4\/3;\" srcset=\"\" alt=\"II Fira del llibre de l&#8217;Alcalat\u00e9n\" class=\"swiper-lazy wplp_thumb\" \/><div class=\"swiper-lazy-preloader\"><\/div><\/span><\/a><a href=\"https:\/\/alcalaten.es\/index.php\/2025\/05\/25\/ii-fira-del-llibre-de-lalcalaten\/\"  class=\"title\">II Fira del llibre de l&#8217;Alcalat\u00e9n<\/a><\/div><\/div><div id=\"wplp_box_left_3193_3592\" class=\"wpcu-front-box left wpcu-custom-position\" ><div class=\"wplp-box-item\"><\/div><\/div><div id=\"wplp_box_right_3193_3592\" class=\"wpcu-front-box right wpcu-custom-position\" ><div class=\"wplp-box-item\"><\/div><\/div><div id=\"wplp_box_bottom_3193_3592\" class=\"wpcu-front-box bottom \" ><div class=\"wplp-box-item\"><span class=\"text\"><span style=\"max-height:2.8em\" class=\"line_limit\"><\/span><\/span><span class=\"custom_fields\">\n<!-- WPLP Unknown field: Custom_Fields -->\n<\/span><\/div><\/div><\/div><\/div><div class=\"swiper-slide\" style=\"\"><div class=\"insideframe\"><div id=\"wplp_box_top_3193_3568\" class=\"wpcu-front-box top equalHeightImg\" ><div class=\"wplp-box-item\"><a href=\"https:\/\/alcalaten.es\/index.php\/2025\/05\/25\/actuacions-mostra-cultural-de-lalcalaten\/\"  class=\"thumbnail\"><span class=\"img_cropper\" style=\"margin-right:4px;margin-bottom:4px;max-width:100%;\"><img decoding=\"async\" src=\"https:\/\/alcalaten.es\/wp-content\/uploads\/elementor\/thumbs\/1748184438989-r6c13zsm890a689hmekm0p5sm9w5kafc3woqi8ds74.jpg\" style=\"aspect-ratio:4\/3;\" srcset=\"\" alt=\"Actuacions Mostra Cultural de l&#8217;Alcalat\u00e9n\" class=\"swiper-lazy wplp_thumb\" \/><div class=\"swiper-lazy-preloader\"><\/div><\/span><\/a><a href=\"https:\/\/alcalaten.es\/index.php\/2025\/05\/25\/actuacions-mostra-cultural-de-lalcalaten\/\"  class=\"title\">Actuacions Mostra Cultural de l&#8217;Alcalat\u00e9n<\/a><\/div><\/div><div id=\"wplp_box_left_3193_3568\" class=\"wpcu-front-box left wpcu-custom-position\" ><div class=\"wplp-box-item\"><\/div><\/div><div id=\"wplp_box_right_3193_3568\" class=\"wpcu-front-box right wpcu-custom-position\" ><div class=\"wplp-box-item\"><\/div><\/div><div id=\"wplp_box_bottom_3193_3568\" class=\"wpcu-front-box bottom \" ><div class=\"wplp-box-item\"><span class=\"text\"><span style=\"max-height:2.8em\" class=\"line_limit\">El pr\u00f2xim 7 de juny, Llucena s\u2019ompli de m\u00fasica, activitats i molt bon ambient.&nbsp;I ac\u00ed va un avan\u00e7 del programa!\n&nbsp;\n15:15 h | Sobretaula musical amb el grup A tres veus\n16:30 h | Bingo musical organitzat pel FILL23:00 h | Concerts de Zenit, Hereus i DJ Keyzz\nOrganitza:&nbsp;@fill_llucena\nT\u2019ho perdr\u00e0s?\nAprofitem aquest post per donar a coneixer alguns dels participants:\nZenit&nbsp;con un a\u00f1o de existencia, se acaba de unir a la larga lista de grupos de m\u00fasica de Castell\u00f3. Por el momento se encuadra dentro del apartado de&nbsp;versiones, aunque se aparta de los repertorios m\u00e1s manidos&nbsp;al incluir temas de bandas habituales de grandes festivales nacionales e internacionales: Muse, Oasis, Kings of Leon, Black Crowes, Sexy Zebras, Izal, Leiva, Arde Bogot\u00e1, Supersubmarina, Vetusta Morla, Viva Suecia, Los Zigarros\u2026\nSe est\u00e1n conociendo como banda, ganado experiencia y seguidores para dar el salto a crear sus propios temas en un futuro pr\u00f3ximo.\n\nHereus, un grup de Castell\u00f3 tribut a la m\u00fasica en valenci\u00e0, nascut fa 10 anys de la m\u00e0 d&#8217;un grup d&#8217;amics units per l&#8217;estima a la nostra llengua, la nostra cultura i la nostra identitat. Despr\u00e9s d\u2019una pausa de diversos anys, reprenen la vida als escenaris, amb ganes de gaudir de la m\u00fasica i contagiar al p\u00fablic amb la seua energia i emoci\u00f3, ja que per a ells la m\u00fasica \u00e9s festa, germanor i revoluci\u00f3. Tornen amb les piles carregades, amb un espectacle ple de ritme, records i molta diversi\u00f3. Estan preparats per fer de cada concert una experi\u00e8ncia \u00fanica.\n\n\n\nDj Keyzz neix de la necessitat de donar visibilitat a la m\u00fasica en les nostres lleng\u00fces. A les sessions fa un recorregut musical que abra\u00e7a estils com el reggae, el dancehall, la cumbia, el rocksteady, l\u2019ska o el rock, sempre posant l\u2019accent en les can\u00e7ons m\u00e9s actuals del panorama musical valenci\u00e0, catal\u00e0 i euskera.Ha tingut l\u2019oportunitat de portar la m\u00fasica a festivals de refer\u00e8ncia com l\u2019Aplec del Penyagolosa i l\u2019Aplec dels Ports, aix\u00ed com a Barcelona i m\u00e9s de 20 pobles de la prov\u00edncia de Castell\u00f3.<\/span><span style=\"margin-left:3px; max-height:2.8em\" class=\"line_limit\"> [...]<\/span><\/span><span class=\"custom_fields\">\n<!-- WPLP Unknown field: Custom_Fields -->\n<\/span><\/div><\/div><\/div><\/div><div class=\"swiper-slide\" style=\"\"><div class=\"insideframe\"><div id=\"wplp_box_top_3193_3541\" class=\"wpcu-front-box top equalHeightImg\" ><div class=\"wplp-box-item\"><a href=\"https:\/\/alcalaten.es\/index.php\/2025\/05\/19\/activitats-xxiv-mostra\/\"  class=\"thumbnail\"><span class=\"img_cropper\" style=\"margin-right:4px;margin-bottom:4px;max-width:100%;\"><img decoding=\"async\" src=\"https:\/\/alcalaten.es\/wp-content\/uploads\/elementor\/thumbs\/IMG-20250519-WA0003-r622y2pl8d8jyrb20zrruwcgn7mjyti04803q810rq.jpg\" style=\"aspect-ratio:4\/3;\" srcset=\"\" alt=\"Activitats XXIV Mostra Cultural\" class=\"swiper-lazy wplp_thumb\" \/><div class=\"swiper-lazy-preloader\"><\/div><\/span><\/a><a href=\"https:\/\/alcalaten.es\/index.php\/2025\/05\/19\/activitats-xxiv-mostra\/\"  class=\"title\">Activitats XXIV Mostra Cultural<\/a><\/div><\/div><div id=\"wplp_box_left_3193_3541\" class=\"wpcu-front-box left wpcu-custom-position\" ><div class=\"wplp-box-item\"><\/div><\/div><div id=\"wplp_box_right_3193_3541\" class=\"wpcu-front-box right wpcu-custom-position\" ><div class=\"wplp-box-item\"><\/div><\/div><div id=\"wplp_box_bottom_3193_3541\" class=\"wpcu-front-box bottom \" ><div class=\"wplp-box-item\"><span class=\"text\"><span style=\"max-height:2.8em\" class=\"line_limit\">Anem desvelant activitats!\nEl pr\u00f2xim 7 de juny tens una cita a Llucena per viure la cultura com mai!\n13:00 h \u2013 Taller de ball tradicional\nVine a moure\u2019t al ritme de la nostra m\u00fasica!\nTant si saps ballar com si vols aprendre, \u00e9s la teua oportunitat per gaudir d\u2019un taller obert i festiu.\nI a la vesprada&#8230; ho posem en pr\u00e0ctica!\n19:00 h \u2013 Bureo&#8230; de cine!\nAmb les rondalles i balladors\/es de tota la comarca: Useres, Costur, Xodos, Figueroles, la Foia, l\u2019Alcora i Llucena.\nUna jornada per aprendre, compartir i gaudir junts de la nostra cultura.<\/span><span style=\"margin-left:3px; max-height:2.8em\" class=\"line_limit\"> [...]<\/span><\/span><span class=\"custom_fields\">\n<!-- WPLP Unknown field: Custom_Fields -->\n<\/span><\/div><\/div><\/div><\/div><div class=\"swiper-slide\" style=\"\"><div class=\"insideframe\"><div id=\"wplp_box_top_3193_3447\" class=\"wpcu-front-box top equalHeightImg\" ><div class=\"wplp-box-item\"><a href=\"https:\/\/alcalaten.es\/index.php\/2025\/04\/14\/la-mocadora-2025\/\"  class=\"thumbnail\"><span class=\"img_cropper\" style=\"margin-right:4px;margin-bottom:4px;max-width:100%;\"><img decoding=\"async\" src=\"https:\/\/alcalaten.es\/wp-content\/uploads\/elementor\/thumbs\/Screenshot_2025-04-14-01-27-11-585_com.microsoft.skydrive-edit-r4bju4xmh4g1hj5nfdfedim7pmxfyossg2sacwpdek.jpg\" style=\"aspect-ratio:4\/3;\" srcset=\"\" alt=\"La mocador\u00e1 2025\" class=\"swiper-lazy wplp_thumb\" \/><div class=\"swiper-lazy-preloader\"><\/div><\/span><\/a><a href=\"https:\/\/alcalaten.es\/index.php\/2025\/04\/14\/la-mocadora-2025\/\"  class=\"title\">La mocador\u00e1 2025<\/a><\/div><\/div><div id=\"wplp_box_left_3193_3447\" class=\"wpcu-front-box left wpcu-custom-position\" ><div class=\"wplp-box-item\"><\/div><\/div><div id=\"wplp_box_right_3193_3447\" class=\"wpcu-front-box right wpcu-custom-position\" ><div class=\"wplp-box-item\"><\/div><\/div><div id=\"wplp_box_bottom_3193_3447\" class=\"wpcu-front-box bottom \" ><div class=\"wplp-box-item\"><span class=\"text\"><span style=\"max-height:2.8em\" class=\"line_limit\">Ja tenim el diseny de la Mocador\u00e1 2025. La guanyadora es Aitana Niso \u00c1lvarez i aquest es el diseny elegit.<\/span><span style=\"margin-left:3px; max-height:2.8em\" class=\"line_limit\"> [...]<\/span><\/span><span class=\"custom_fields\">\n<!-- WPLP Unknown field: Custom_Fields -->\n<\/span><\/div><\/div><\/div><\/div><div class=\"swiper-slide\" style=\"\"><div class=\"insideframe\"><div id=\"wplp_box_top_3193_3438\" class=\"wpcu-front-box top equalHeightImg\" ><div class=\"wplp-box-item\"><a href=\"https:\/\/alcalaten.es\/index.php\/2025\/04\/13\/lalcalaten-en-xarxa\/\"  class=\"thumbnail\"><span class=\"img_cropper\" style=\"margin-right:4px;margin-bottom:4px;max-width:100%;\"><img decoding=\"async\" src=\"https:\/\/alcalaten.es\/wp-content\/uploads\/elementor\/thumbs\/IMG-20250413-WA0000-r4af7fd1bc3smhtpmlwhs4kl6yfwuwxvoc04erha5a.jpg\" style=\"aspect-ratio:4\/3;\" srcset=\"\" alt=\"L&#8217;Alcalat\u00e9n en xarxa\" class=\"swiper-lazy wplp_thumb\" \/><div class=\"swiper-lazy-preloader\"><\/div><\/span><\/a><a href=\"https:\/\/alcalaten.es\/index.php\/2025\/04\/13\/lalcalaten-en-xarxa\/\"  class=\"title\">L&#8217;Alcalat\u00e9n en xarxa<\/a><\/div><\/div><div id=\"wplp_box_left_3193_3438\" class=\"wpcu-front-box left wpcu-custom-position\" ><div class=\"wplp-box-item\"><\/div><\/div><div id=\"wplp_box_right_3193_3438\" class=\"wpcu-front-box right wpcu-custom-position\" ><div class=\"wplp-box-item\"><\/div><\/div><div id=\"wplp_box_bottom_3193_3438\" class=\"wpcu-front-box bottom \" ><div class=\"wplp-box-item\"><span class=\"text\"><span style=\"max-height:2.8em\" class=\"line_limit\">Inauguraci\u00f3 de L\u2019Alcalat\u00e9n en xarxa: poble a poble, festa a festa\nEste *dimecres 16 d\u2019abril in a les 19.00 h a la nau dels forns de la Reial F\u00e0brica de l\u2019Alcora* \ud83c\udfed on descobrirem els tresors del patrimoni cultural immaterial dels nostres pobles \ud83c\udf04\ud83c\udfad\nUn viatge emocionant pel territori a trav\u00e9s de les nostres festes, tradicions i identitat \ud83c\udf89\nGr\u00e0cies a tot l\u2019equip *Reial F\u00e0brica i territori* pel vostre esfor\u00e7 i treball! \ud83e\udd70 Us esperem!<\/span><span style=\"margin-left:3px; max-height:2.8em\" class=\"line_limit\"> [...]<\/span><\/span><span class=\"custom_fields\">\n<!-- WPLP Unknown field: Custom_Fields -->\n<\/span><\/div><\/div><\/div><\/div><div class=\"swiper-slide\" style=\"\"><div class=\"insideframe\"><div id=\"wplp_box_top_3193_3418\" class=\"wpcu-front-box top equalHeightImg\" ><div class=\"wplp-box-item\"><a href=\"https:\/\/alcalaten.es\/index.php\/2025\/04\/10\/jornades-de-fang-a-xodos\/\"  class=\"thumbnail\"><span class=\"img_cropper\" style=\"margin-right:4px;margin-bottom:4px;max-width:100%;\"><img decoding=\"async\" src=\"https:\/\/alcalaten.es\/wp-content\/uploads\/elementor\/thumbs\/Jornada-fang-Xodos-r4582jhkdbtf31izb1w7inmwhloxn4z13uh7xabs0u.jpeg\" style=\"aspect-ratio:4\/3;\" srcset=\"\" alt=\"Jornades de fang a Xodos\" class=\"swiper-lazy wplp_thumb\" \/><div class=\"swiper-lazy-preloader\"><\/div><\/span><\/a><a href=\"https:\/\/alcalaten.es\/index.php\/2025\/04\/10\/jornades-de-fang-a-xodos\/\"  class=\"title\">Jornades de fang a Xodos<\/a><\/div><\/div><div id=\"wplp_box_left_3193_3418\" class=\"wpcu-front-box left wpcu-custom-position\" ><div class=\"wplp-box-item\"><\/div><\/div><div id=\"wplp_box_right_3193_3418\" class=\"wpcu-front-box right wpcu-custom-position\" ><div class=\"wplp-box-item\"><\/div><\/div><div id=\"wplp_box_bottom_3193_3418\" class=\"wpcu-front-box bottom \" ><div class=\"wplp-box-item\"><span class=\"text\"><span style=\"max-height:2.8em\" class=\"line_limit\">Jornades de fang a Xodos\nInformaci\u00f3:\n&#8220;Jornades de fang a Xodos&#8221;. 26 d&#8217;abril, de 10.00h a 13.00h, en les Antigues escoles de Xodos.\n\u00a0\nCrea un r\u00e8tol per a la teua casa, mas o negoci&#8230; i modelat lliure per als m\u00e9s menuts!\n\u00a0\nInscripcions: 642 160 457 (fins el 23 d&#8217;abril)\n\u00a0\nAquesta \u00e9s una activitat organitzada pel Museu de Cer\u00e0mica de l&#8217;Alcora, amb la col\u00b7laboraci\u00f3 de l&#8217;Ajuntament de l&#8217;Alcora i l&#8217;Ajuntament de Xodos.<\/span><span style=\"margin-left:3px; max-height:2.8em\" class=\"line_limit\"> [...]<\/span><\/span><span class=\"custom_fields\">\n<!-- WPLP Unknown field: Custom_Fields -->\n<\/span><\/div><\/div><\/div><\/div><\/div><div class=\"swiper-button-next\"><\/div><div class=\"swiper-button-prev\"><\/div><div class=\"swiper-pagination\"><\/div><\/div><\/div><\/h2>\t\t\t\t<\/div>\n\t\t\t\t<\/div>\n\t\t\t\t<\/div>\n\t\t<div class=\"elementor-element elementor-element-f886263 e-con-full e-flex e-con e-child\" data-id=\"f886263\" data-element_type=\"container\" data-e-type=\"container\">\n\t\t\t\t<div class=\"elementor-element elementor-element-a19b7de elementor-widget elementor-widget-heading\" data-id=\"a19b7de\" data-element_type=\"widget\" data-e-type=\"widget\" data-widget_type=\"heading.default\">\n\t\t\t\t<div class=\"elementor-widget-container\">\n\t\t\t\t\t<h3 class=\"elementor-heading-title elementor-size-default\">Patrocinadors<\/h3>\t\t\t\t<\/div>\n\t\t\t\t<\/div>\n\t\t\t\t<div class=\"elementor-element elementor-element-70b23dc elementor-widget elementor-widget-image\" data-id=\"70b23dc\" data-element_type=\"widget\" data-e-type=\"widget\" data-widget_type=\"image.default\">\n\t\t\t\t<div class=\"elementor-widget-container\">\n\t\t\t\t\t\t\t\t\t\t\t\t\t\t\t\t<a href=\"https:\/\/www.dipcas.es\/va\/\">\n\t\t\t\t\t\t\t<img loading=\"lazy\" decoding=\"async\" width=\"674\" height=\"1024\" src=\"https:\/\/alcalaten.es\/wp-content\/uploads\/2023\/12\/logodipCuatricom-674x1024.gif\" class=\"attachment-large size-large wp-image-1765\" alt=\"\" srcset=\"https:\/\/alcalaten.es\/wp-content\/uploads\/2023\/12\/logodipCuatricom-674x1024.gif 674w, https:\/\/alcalaten.es\/wp-content\/uploads\/2023\/12\/logodipCuatricom-197x300.gif 197w\" sizes=\"(max-width: 674px) 100vw, 674px\" \/>\t\t\t\t\t\t\t\t<\/a>\n\t\t\t\t\t\t\t\t\t\t\t\t\t\t\t<\/div>\n\t\t\t\t<\/div>\n\t\t\t\t<div class=\"elementor-element elementor-element-899401d elementor-widget elementor-widget-image\" data-id=\"899401d\" data-element_type=\"widget\" data-e-type=\"widget\" data-widget_type=\"image.default\">\n\t\t\t\t<div class=\"elementor-widget-container\">\n\t\t\t\t\t\t\t\t\t\t\t\t\t\t\t\t<a href=\"https:\/\/caixalcora.ruralvia.com\/\">\n\t\t\t\t\t\t\t<img loading=\"lazy\" decoding=\"async\" width=\"184\" height=\"48\" src=\"https:\/\/alcalaten.es\/wp-content\/uploads\/2023\/12\/logo_alcora_ruralvia.gif\" class=\"attachment-large size-large wp-image-1764\" alt=\"\" \/>\t\t\t\t\t\t\t\t<\/a>\n\t\t\t\t\t\t\t\t\t\t\t\t\t\t\t<\/div>\n\t\t\t\t<\/div>\n\t\t\t\t<div class=\"elementor-element elementor-element-5778813 elementor-widget elementor-widget-image\" data-id=\"5778813\" data-element_type=\"widget\" data-e-type=\"widget\" data-widget_type=\"image.default\">\n\t\t\t\t<div class=\"elementor-widget-container\">\n\t\t\t\t\t\t\t\t\t\t\t\t\t\t\t\t<a href=\"https:\/\/cultura.gva.es\/va\/web\/cultura\/\">\n\t\t\t\t\t\t\t<img loading=\"lazy\" decoding=\"async\" width=\"300\" height=\"143\" src=\"https:\/\/alcalaten.es\/wp-content\/uploads\/2023\/12\/Imagotip_de_la_Generalitat_Valenciana.svg.png\" class=\"attachment-large size-large wp-image-1769\" alt=\"\" \/>\t\t\t\t\t\t\t\t<\/a>\n\t\t\t\t\t\t\t\t\t\t\t\t\t\t\t<\/div>\n\t\t\t\t<\/div>\n\t\t\t\t<div class=\"elementor-element elementor-element-68e63ee elementor-widget elementor-widget-image\" data-id=\"68e63ee\" data-element_type=\"widget\" data-e-type=\"widget\" data-widget_type=\"image.default\">\n\t\t\t\t<div class=\"elementor-widget-container\">\n\t\t\t\t\t\t\t\t\t\t\t\t\t\t\t\t<a href=\"https:\/\/www.facebook.com\/groups\/509231715916542\">\n\t\t\t\t\t\t\t<img loading=\"lazy\" decoding=\"async\" width=\"500\" height=\"208\" src=\"https:\/\/alcalaten.es\/wp-content\/uploads\/2024\/04\/Papeleria_1.png\" class=\"attachment-large size-large wp-image-2840\" alt=\"\" srcset=\"https:\/\/alcalaten.es\/wp-content\/uploads\/2024\/04\/Papeleria_1.png 500w, https:\/\/alcalaten.es\/wp-content\/uploads\/2024\/04\/Papeleria_1-300x125.png 300w\" sizes=\"(max-width: 500px) 100vw, 500px\" \/>\t\t\t\t\t\t\t\t<\/a>\n\t\t\t\t\t\t\t\t\t\t\t\t\t\t\t<\/div>\n\t\t\t\t<\/div>\n\t\t\t\t<div class=\"elementor-element elementor-element-7b151d4 elementor-widget elementor-widget-heading\" data-id=\"7b151d4\" data-element_type=\"widget\" data-e-type=\"widget\" data-widget_type=\"heading.default\">\n\t\t\t\t<div class=\"elementor-widget-container\">\n\t\t\t\t\t<h3 class=\"elementor-heading-title elementor-size-default\">Webs d'Interes<\/h3>\t\t\t\t<\/div>\n\t\t\t\t<\/div>\n\t\t\t\t<div class=\"elementor-element elementor-element-1b25f21 elementor-widget elementor-widget-image\" data-id=\"1b25f21\" data-element_type=\"widget\" data-e-type=\"widget\" data-widget_type=\"image.default\">\n\t\t\t\t<div class=\"elementor-widget-container\">\n\t\t\t\t\t\t\t\t\t\t\t\t\t\t\t\t<a href=\"https:\/\/www.figueroleslessenciarural.es\/\">\n\t\t\t\t\t\t\t<img loading=\"lazy\" decoding=\"async\" width=\"1024\" height=\"585\" src=\"https:\/\/alcalaten.es\/wp-content\/uploads\/2024\/04\/Figueroles_turisme-1024x585.png\" class=\"attachment-large size-large wp-image-3004\" alt=\"\" srcset=\"https:\/\/alcalaten.es\/wp-content\/uploads\/2024\/04\/Figueroles_turisme-1024x585.png 1024w, https:\/\/alcalaten.es\/wp-content\/uploads\/2024\/04\/Figueroles_turisme-300x171.png 300w, https:\/\/alcalaten.es\/wp-content\/uploads\/2024\/04\/Figueroles_turisme-768x439.png 768w, https:\/\/alcalaten.es\/wp-content\/uploads\/2024\/04\/Figueroles_turisme.png 1050w\" sizes=\"(max-width: 1024px) 100vw, 1024px\" \/>\t\t\t\t\t\t\t\t<\/a>\n\t\t\t\t\t\t\t\t\t\t\t\t\t\t\t<\/div>\n\t\t\t\t<\/div>\n\t\t\t\t<div class=\"elementor-element elementor-element-dcd6230 elementor-widget elementor-widget-heading\" data-id=\"dcd6230\" data-element_type=\"widget\" data-e-type=\"widget\" data-widget_type=\"heading.default\">\n\t\t\t\t<div class=\"elementor-widget-container\">\n\t\t\t\t\t<h5 class=\"elementor-heading-title elementor-size-default\">Anuncia't en la web<\/h5>\t\t\t\t<\/div>\n\t\t\t\t<\/div>\n\t\t\t\t<div class=\"elementor-element elementor-element-361d9f8 elementor-widget elementor-widget-image\" data-id=\"361d9f8\" data-element_type=\"widget\" data-e-type=\"widget\" data-widget_type=\"image.default\">\n\t\t\t\t<div class=\"elementor-widget-container\">\n\t\t\t\t\t\t\t\t\t\t\t\t\t\t\t\t<a href=\"https:\/\/themoonacademy.es\/\">\n\t\t\t\t\t\t\t<img loading=\"lazy\" decoding=\"async\" width=\"365\" height=\"231\" src=\"https:\/\/alcalaten.es\/wp-content\/uploads\/2025\/08\/logo-the-moon2-e1754388908676.png\" class=\"attachment-large size-large wp-image-3647\" alt=\"\" srcset=\"https:\/\/alcalaten.es\/wp-content\/uploads\/2025\/08\/logo-the-moon2-e1754388908676.png 365w, https:\/\/alcalaten.es\/wp-content\/uploads\/2025\/08\/logo-the-moon2-e1754388908676-300x190.png 300w\" sizes=\"(max-width: 365px) 100vw, 365px\" \/>\t\t\t\t\t\t\t\t<\/a>\n\t\t\t\t\t\t\t\t\t\t\t\t\t\t\t<\/div>\n\t\t\t\t<\/div>\n\t\t\t\t<div class=\"elementor-element elementor-element-bb2142b elementor-widget elementor-widget-image\" data-id=\"bb2142b\" data-element_type=\"widget\" data-e-type=\"widget\" data-widget_type=\"image.default\">\n\t\t\t\t<div class=\"elementor-widget-container\">\n\t\t\t\t\t\t\t\t\t\t\t\t\t\t\t\t<a href=\"https:\/\/www.equipeceramicas.com\/\">\n\t\t\t\t\t\t\t<img loading=\"lazy\" decoding=\"async\" width=\"911\" height=\"134\" src=\"https:\/\/alcalaten.es\/wp-content\/uploads\/2024\/03\/logo-equipe-negro.png\" class=\"attachment-large size-large wp-image-2580\" alt=\"\" srcset=\"https:\/\/alcalaten.es\/wp-content\/uploads\/2024\/03\/logo-equipe-negro.png 911w, https:\/\/alcalaten.es\/wp-content\/uploads\/2024\/03\/logo-equipe-negro-300x44.png 300w, https:\/\/alcalaten.es\/wp-content\/uploads\/2024\/03\/logo-equipe-negro-768x113.png 768w\" sizes=\"(max-width: 911px) 100vw, 911px\" \/>\t\t\t\t\t\t\t\t<\/a>\n\t\t\t\t\t\t\t\t\t\t\t\t\t\t\t<\/div>\n\t\t\t\t<\/div>\n\t\t\t\t<div class=\"elementor-element elementor-element-d6e925b elementor-widget elementor-widget-image\" data-id=\"d6e925b\" data-element_type=\"widget\" data-e-type=\"widget\" data-widget_type=\"image.default\">\n\t\t\t\t<div class=\"elementor-widget-container\">\n\t\t\t\t\t\t\t\t\t\t\t\t\t\t\t\t<a href=\"https:\/\/viunatura.com\/\">\n\t\t\t\t\t\t\t<img loading=\"lazy\" decoding=\"async\" width=\"1000\" height=\"680\" src=\"https:\/\/alcalaten.es\/wp-content\/uploads\/2024\/04\/viunatura.png\" class=\"attachment-large size-large wp-image-3000\" alt=\"\" srcset=\"https:\/\/alcalaten.es\/wp-content\/uploads\/2024\/04\/viunatura.png 1000w, https:\/\/alcalaten.es\/wp-content\/uploads\/2024\/04\/viunatura-300x204.png 300w, https:\/\/alcalaten.es\/wp-content\/uploads\/2024\/04\/viunatura-768x522.png 768w\" sizes=\"(max-width: 1000px) 100vw, 1000px\" \/>\t\t\t\t\t\t\t\t<\/a>\n\t\t\t\t\t\t\t\t\t\t\t\t\t\t\t<\/div>\n\t\t\t\t<\/div>\n\t\t\t\t<\/div>\n\t\t\t\t\t<\/div>\n\t\t\t\t<\/div>\n\t\t\t\t<\/div>\n\t\t","protected":false},"excerpt":{"rendered":"<p>Descobreix L&#8217; Alcalat\u00e9n Una comarca plena de grans llocs per descobrir Mostra Cultural La XXV edici\u00f3 de la Mostra Cultural de l&#8217;Alcalat\u00e9n es celebrara a Costur el\u00a0 de Juny de 2026 . El lema de la mostra es \u201c\u00a0 \u00a0\u201d.\u00a0 El cartell es obra de\u00a0 Patrocinadors Webs d&#8217;Interes Anuncia&#8217;t en la web<\/p>\n","protected":false},"author":1,"featured_media":0,"parent":0,"menu_order":0,"comment_status":"closed","ping_status":"closed","template":"","meta":{"_acf_changed":false,"site-sidebar-layout":"no-sidebar","site-content-layout":"page-builder","ast-site-content-layout":"full-width-container","site-content-style":"unboxed","site-sidebar-style":"unboxed","ast-global-header-display":"","ast-banner-title-visibility":"","ast-main-header-display":"","ast-hfb-above-header-display":"","ast-hfb-below-header-display":"","ast-hfb-mobile-header-display":"","site-post-title":"disabled","ast-breadcrumbs-content":"","ast-featured-img":"disabled","footer-sml-layout":"","ast-disable-related-posts":"","theme-transparent-header-meta":"enabled","adv-header-id-meta":"","stick-header-meta":"","header-above-stick-meta":"","header-main-stick-meta":"","header-below-stick-meta":"","astra-migrate-meta-layouts":"set","ast-page-background-enabled":"default","ast-page-background-meta":{"desktop":{"background-color":"var(--ast-global-color-4)","background-image":"","background-repeat":"repeat","background-position":"center center","background-size":"auto","background-attachment":"scroll","background-type":"","background-media":"","overlay-type":"","overlay-color":"","overlay-opacity":"","overlay-gradient":""},"tablet":{"background-color":"","background-image":"","background-repeat":"repeat","background-position":"center center","background-size":"auto","background-attachment":"scroll","background-type":"","background-media":"","overlay-type":"","overlay-color":"","overlay-opacity":"","overlay-gradient":""},"mobile":{"background-color":"","background-image":"","background-repeat":"repeat","background-position":"center center","background-size":"auto","background-attachment":"scroll","background-type":"","background-media":"","overlay-type":"","overlay-color":"","overlay-opacity":"","overlay-gradient":""}},"ast-content-background-meta":{"desktop":{"background-color":"var(--ast-global-color-5)","background-image":"","background-repeat":"repeat","background-position":"center center","background-size":"auto","background-attachment":"scroll","background-type":"","background-media":"","overlay-type":"","overlay-color":"","overlay-opacity":"","overlay-gradient":""},"tablet":{"background-color":"var(--ast-global-color-5)","background-image":"","background-repeat":"repeat","background-position":"center center","background-size":"auto","background-attachment":"scroll","background-type":"","background-media":"","overlay-type":"","overlay-color":"","overlay-opacity":"","overlay-gradient":""},"mobile":{"background-color":"var(--ast-global-color-5)","background-image":"","background-repeat":"repeat","background-position":"center center","background-size":"auto","background-attachment":"scroll","background-type":"","background-media":"","overlay-type":"","overlay-color":"","overlay-opacity":"","overlay-gradient":""}},"footnotes":""},"class_list":["post-3494","page","type-page","status-publish","hentry"],"aioseo_notices":[],"acf":[],"_links":{"self":[{"href":"https:\/\/alcalaten.es\/index.php\/wp-json\/wp\/v2\/pages\/3494","targetHints":{"allow":["GET"]}}],"collection":[{"href":"https:\/\/alcalaten.es\/index.php\/wp-json\/wp\/v2\/pages"}],"about":[{"href":"https:\/\/alcalaten.es\/index.php\/wp-json\/wp\/v2\/types\/page"}],"author":[{"embeddable":true,"href":"https:\/\/alcalaten.es\/index.php\/wp-json\/wp\/v2\/users\/1"}],"replies":[{"embeddable":true,"href":"https:\/\/alcalaten.es\/index.php\/wp-json\/wp\/v2\/comments?post=3494"}],"version-history":[{"count":40,"href":"https:\/\/alcalaten.es\/index.php\/wp-json\/wp\/v2\/pages\/3494\/revisions"}],"predecessor-version":[{"id":3657,"href":"https:\/\/alcalaten.es\/index.php\/wp-json\/wp\/v2\/pages\/3494\/revisions\/3657"}],"wp:attachment":[{"href":"https:\/\/alcalaten.es\/index.php\/wp-json\/wp\/v2\/media?parent=3494"}],"curies":[{"name":"wp","href":"https:\/\/api.w.org\/{rel}","templated":true}]}}